{"id":73,"date":"2019-01-12T16:35:58","date_gmt":"2019-01-12T15:35:58","guid":{"rendered":"http:\/\/kubik-elektro.cz\/domains\/kubik-elektro.cz\/?page_id=73"},"modified":"2022-10-28T05:39:50","modified_gmt":"2022-10-28T03:39:50","slug":"elektrokotle","status":"publish","type":"page","link":"http:\/\/kubik-elektro.cz\/domains\/kubik-elektro.cz\/elektrokotle\/","title":{"rendered":"Elektrokotle"},"content":{"rendered":"\n<div class=\"wp-block-media-text alignwide has-background has-background\" style=\"background-color:#ddf5e6\"><figure class=\"wp-block-media-text__media\"><img loading=\"lazy\" width=\"770\" height=\"1024\" src=\"http:\/\/kubik-elektro.cz\/domains\/kubik-elektro.cz\/wp-content\/uploads\/2020\/05\/ray-outside-front-pt-1394743-format-3-4@570@retina-770x1024.png\" alt=\"\" class=\"wp-image-339 size-full\" srcset=\"http:\/\/kubik-elektro.cz\/domains\/kubik-elektro.cz\/wp-content\/uploads\/2020\/05\/ray-outside-front-pt-1394743-format-3-4@570@retina-770x1024.png 770w, http:\/\/kubik-elektro.cz\/domains\/kubik-elektro.cz\/wp-content\/uploads\/2020\/05\/ray-outside-front-pt-1394743-format-3-4@570@retina-225x300.png 225w, http:\/\/kubik-elektro.cz\/domains\/kubik-elektro.cz\/wp-content\/uploads\/2020\/05\/ray-outside-front-pt-1394743-format-3-4@570@retina-768x1022.png 768w, http:\/\/kubik-elektro.cz\/domains\/kubik-elektro.cz\/wp-content\/uploads\/2020\/05\/ray-outside-front-pt-1394743-format-3-4@570@retina.png 1140w\" sizes=\"(max-width: 770px) 100vw, 770px\" \/><\/figure><div class=\"wp-block-media-text__content\">\n<p class=\"has-text-color has-medium-font-size\" style=\"color:#2e2121\"><strong>Prov\u00e1d\u00edme mont\u00e1\u017e, opravy, servis elektrokotl\u016f<\/strong><\/p>\n\n\n\n<p class=\"has-black-color has-text-color\">Mont\u00e1\u017e, opravy a servis elektrokotl\u016f r\u016fzn\u00fdch zna\u010dek<\/p>\n\n\n\n<p class=\"has-black-color has-text-color\">Mont\u00e1\u017ee a opravy podlahov\u00e9ho topen\u00ed, bojler\u016f apod.<\/p>\n\n\n\n<p class=\"has-black-color has-text-color\"><strong>Autorizovan\u00fd a z\u00e1ru\u010dn\u00ed servis Prohterm<\/strong><\/p>\n\n\n\n<p><strong>Regulace vyt\u00e1p\u011bn\u00ed \u2013 vnit\u0159n\u00ed termostaty \u2013 ekvithermn\u00ed regulace, GSM, Wifi<\/strong><\/p>\n\n\n\n<p><\/p>\n<\/div><\/div>\n","protected":false},"excerpt":{"rendered":"<p>Prov\u00e1d\u00edme mont\u00e1\u017e, opravy, servis elektrokotl\u016f Mont\u00e1\u017e, opravy a servis elektrokotl\u016f r\u016fzn\u00fdch zna\u010dek Mont\u00e1\u017ee a opravy podlahov\u00e9ho topen\u00ed, bojler\u016f apod. Autorizovan\u00fd<\/p>\n","protected":false},"author":1,"featured_media":0,"parent":0,"menu_order":0,"comment_status":"closed","ping_status":"closed","template":"","meta":[],"_links":{"self":[{"href":"http:\/\/kubik-elektro.cz\/domains\/kubik-elektro.cz\/wp-json\/wp\/v2\/pages\/73"}],"collection":[{"href":"http:\/\/kubik-elektro.cz\/domains\/kubik-elektro.cz\/wp-json\/wp\/v2\/pages"}],"about":[{"href":"http:\/\/kubik-elektro.cz\/domains\/kubik-elektro.cz\/wp-json\/wp\/v2\/types\/page"}],"author":[{"embeddable":true,"href":"http:\/\/kubik-elektro.cz\/domains\/kubik-elektro.cz\/wp-json\/wp\/v2\/users\/1"}],"replies":[{"embeddable":true,"href":"http:\/\/kubik-elektro.cz\/domains\/kubik-elektro.cz\/wp-json\/wp\/v2\/comments?post=73"}],"version-history":[{"count":17,"href":"http:\/\/kubik-elektro.cz\/domains\/kubik-elektro.cz\/wp-json\/wp\/v2\/pages\/73\/revisions"}],"predecessor-version":[{"id":429,"href":"http:\/\/kubik-elektro.cz\/domains\/kubik-elektro.cz\/wp-json\/wp\/v2\/pages\/73\/revisions\/429"}],"wp:attachment":[{"href":"http:\/\/kubik-elektro.cz\/domains\/kubik-elektro.cz\/wp-json\/wp\/v2\/media?parent=73"}],"curies":[{"name":"wp","href":"https:\/\/api.w.org\/{rel}","templated":true}]}}